{"id":14,"date":"2023-10-16T15:21:31","date_gmt":"2023-10-16T13:21:31","guid":{"rendered":"https:\/\/siemianowiceprzeciwprzemocy.pl\/?page_id=14"},"modified":"2024-09-16T12:27:46","modified_gmt":"2024-09-16T10:27:46","slug":"o-projekcie","status":"publish","type":"page","link":"https:\/\/siemianowiceprzeciwprzemocy.pl\/?page_id=14","title":{"rendered":"O projekcie"},"content":{"rendered":"<p>[et_pb_section fb_built=&#8221;1&#8243; admin_label=&#8221;Hero&#8221; _builder_version=&#8221;4.22.1&#8243; background_color=&#8221;#a3195b&#8221; custom_padding=&#8221;47px|0px|47px|0px|true|&#8221; animation_style=&#8221;zoom&#8221; animation_intensity_zoom=&#8221;4%&#8221; global_colors_info=&#8221;{}&#8221;][et_pb_row module_class=&#8221; et_pb_row_fullwidth&#8221; _builder_version=&#8221;4.22.1&#8243; custom_margin=&#8221;|auto|1px|auto||&#8221; animation_style=&#8221;fade&#8221; make_fullwidth=&#8221;on&#8221; global_colors_info=&#8221;{}&#8221;][et_pb_column type=&#8221;4_4&#8243; _builder_version=&#8221;4.22.1&#8243; custom_padding=&#8221;||||true|false&#8221; global_colors_info=&#8221;{}&#8221; custom_padding__hover=&#8221;|||&#8221;][et_pb_text _builder_version=&#8221;4.22.1&#8243; text_font=&#8221;||||||||&#8221; header_font=&#8221;Montserrat|700||on|||||&#8221; header_text_color=&#8221;#f7f7f7&#8243; header_font_size=&#8221;44px&#8221; header_line_height=&#8221;1.3em&#8221; custom_margin=&#8221;||-9px|||&#8221; animation_style=&#8221;fade&#8221; header_font_size_tablet=&#8221;36px&#8221; header_font_size_phone=&#8221;32px&#8221; header_font_size_last_edited=&#8221;on|phone&#8221; locked=&#8221;off&#8221; global_colors_info=&#8221;{}&#8221;]<\/p>\n<h1>Siemianowice przeciw przemocy<\/h1>\n<p>&nbsp;<\/p>\n<p>[\/et_pb_text][et_pb_text _builder_version=&#8221;4.22.1&#8243; text_font=&#8221;Montserrat||||&#8221; text_text_color=&#8221;#FFFFFF&#8221; text_font_size=&#8221;12px&#8221; text_line_height=&#8221;1.8em&#8221; header_font=&#8221;||||||||&#8221; custom_margin=&#8221;||32px|||&#8221; animation_style=&#8221;slide&#8221; animation_direction=&#8221;top&#8221; animation_intensity_slide=&#8221;17%&#8221; locked=&#8221;off&#8221; global_colors_info=&#8221;{}&#8221;]<\/p>\n<p>G\u0142\u00f3wnym celem Projektu jest wykrycie zachowa\u0144 dysfunkcyjnych na\u00a0etapie wczesnej profilaktyki, a\u00a0jego osi\u0105gni\u0119cie mo\u017cliwe b\u0119dzie dzi\u0119ki pog\u0142\u0119bionej wsp\u00f3\u0142pracy interdyscyplinarnej instytucji dzia\u0142aj\u0105cych na\u00a0rzecz przeciwdzia\u0142ania przemocy w\u00a0mie\u015bcie.<\/p>\n<p>[\/et_pb_text][\/et_pb_column][\/et_pb_row][\/et_pb_section][et_pb_section fb_built=&#8221;1&#8243; admin_label=&#8221;Service Section&#8221; _builder_version=&#8221;4.16&#8243; custom_margin=&#8221;|||&#8221; custom_padding=&#8221;30px||2px|||&#8221; global_colors_info=&#8221;{}&#8221; width=&#8221;99.3%&#8221;][et_pb_row column_structure=&#8221;1_3,1_3,1_3&#8243; use_custom_gutter=&#8221;on&#8221; gutter_width=&#8221;2&#8243; admin_label=&#8221;Service Section Title&#8221; _builder_version=&#8221;4.22.1&#8243; custom_margin=&#8221;||40px|&#8221; animation_style=&#8221;fade&#8221; animation_direction=&#8221;top&#8221; saved_tabs=&#8221;all&#8221; global_colors_info=&#8221;{}&#8221;][et_pb_column type=&#8221;1_3&#8243; _builder_version=&#8221;4.22.1&#8243; custom_padding=&#8221;|||&#8221; global_colors_info=&#8221;{}&#8221; custom_padding__hover=&#8221;|||&#8221;][et_pb_text admin_label=&#8221;Subtitle&#8221; _builder_version=&#8221;4.22.1&#8243; text_font=&#8221;Montserrat||||&#8221; text_text_color=&#8221;#747d88&#8243; text_line_height=&#8221;1.8em&#8221; header_font=&#8221;||||||||&#8221; text_orientation=&#8221;center&#8221; module_alignment=&#8221;center&#8221; custom_margin=&#8221;|||&#8221; animation_style=&#8221;slide&#8221; animation_direction=&#8221;bottom&#8221; animation_delay=&#8221;100ms&#8221; animation_intensity_slide=&#8221;4%&#8221; global_colors_info=&#8221;{}&#8221;]<\/p>\n<p style=\"text-align: left;\">G\u0142\u00f3wnym celem Projektu jest wykrycie zachowa\u0144 dysfunkcyjnych na&nbsp;etapie wczesnej profilaktyki, a&nbsp;jego osi\u0105gni\u0119cie mo\u017cliwe b\u0119dzie dzi\u0119ki pog\u0142\u0119bionej wsp\u00f3\u0142pracy interdyscyplinarnej instytucji dzia\u0142aj\u0105cych na&nbsp;rzecz przeciwdzia\u0142ania przemocy w&nbsp;mie\u015bcie. Dzia\u0142ania realizowane w&nbsp;ramach Projektu na&nbsp;terenie gminy Siemianowice \u015al\u0105skie maj\u0105 przyczyni\u0107 si\u0119 do&nbsp;zmiany funkcjonowania systemu przeciwdzia\u0142ania przemocy domowej, a&nbsp;tym samym do&nbsp;zmniejszenia skali wyst\u0119powania tego zjawiska.\u00a0<\/p>\n<p style=\"text-align: left;\">\n<p>[\/et_pb_text][\/et_pb_column][et_pb_column type=&#8221;1_3&#8243; _builder_version=&#8221;4.16&#8243; custom_padding=&#8221;|||&#8221; global_colors_info=&#8221;{}&#8221; custom_padding__hover=&#8221;|||&#8221;][et_pb_text _builder_version=&#8221;4.22.1&#8243; _module_preset=&#8221;default&#8221; text_font=&#8221;Montserrat||||&#8221; text_text_color=&#8221;#747d88&#8243; text_line_height=&#8221;1.8em&#8221; header_font=&#8221;||||||||&#8221; text_orientation=&#8221;center&#8221; module_alignment=&#8221;center&#8221; custom_margin=&#8221;|||&#8221; animation_style=&#8221;slide&#8221; animation_direction=&#8221;bottom&#8221; animation_delay=&#8221;100ms&#8221; animation_intensity_slide=&#8221;4%&#8221; global_colors_info=&#8221;{}&#8221;]<\/p>\n<p style=\"text-align: left;\">W\u00a0zwi\u0105zku z\u00a0powy\u017cszym w\u00a0budynku przy ul.\u00a0Wr\u00f3blewskiego 10 w\u00a0Siemianowicach \u015al\u0105skich utworzone zostanie Centrum dla Rodzin, kt\u00f3re stanie si\u0119 baz\u0105 koordynuj\u0105c\u0105 dzia\u0142alno\u015b\u0107 na\u00a0rzecz przeciwdzia\u0142ania przemocy domowej, a\u00a0przede wszystkich zadba o\u00a0ochron\u0119 os\u00f3b doznaj\u0105cych przemocy. B\u0119dzie miejscem znanym lokalnej spo\u0142eczno\u015bci. To\u00a0w\u00a0Centrum dla Rodzin podejmowane b\u0119d\u0105 dzia\u0142ania ukierunkowane na\u00a0popraw\u0119 jako\u015bci relacji rodzinnych, dzia\u0142ania w\u00a0zakresie szeroko rozumianej profilaktyki, ale\u00a0tak\u017ce wspieraj\u0105ce r\u00f3wno\u015b\u0107 kobiet i\u00a0m\u0119\u017cczyzn, ucz\u0105ce tolerancji i\u00a0wzajemnego szacunku. B\u0119dzie tak\u017ce miejscem, do\u00a0kt\u00f3rego\u00a0mo\u017cna zg\u0142osi\u0107 si\u0119 w\u00a0sytuacjach kryzysowych, wymagaj\u0105cych szybkiej interwencji.<\/p>\n<p>[\/et_pb_text][\/et_pb_column][et_pb_column type=&#8221;1_3&#8243; _builder_version=&#8221;4.16&#8243; custom_padding=&#8221;|||&#8221; global_colors_info=&#8221;{}&#8221; custom_padding__hover=&#8221;|||&#8221;][et_pb_text _builder_version=&#8221;4.22.1&#8243; _module_preset=&#8221;default&#8221; text_font=&#8221;Montserrat||||&#8221; text_text_color=&#8221;#747d88&#8243; text_line_height=&#8221;1.8em&#8221; header_font=&#8221;||||||||&#8221; text_orientation=&#8221;center&#8221; module_alignment=&#8221;center&#8221; custom_margin=&#8221;|||&#8221; animation_style=&#8221;slide&#8221; animation_direction=&#8221;bottom&#8221; animation_delay=&#8221;100ms&#8221; animation_intensity_slide=&#8221;4%&#8221; global_colors_info=&#8221;{}&#8221;]<\/p>\n<p style=\"text-align: left;\">Natomiast, aby dzia\u0142ania te\u00a0prowadzone by\u0142y z\u00a0nale\u017cyt\u0105 staranno\u015bci\u0105 i\u00a0przez\u00a0osoby z\u00a0odpowiednimi kompetencjami, w\u00a0ramach Projektu odb\u0119dzie si\u0119 szereg dzia\u0142a\u0144 skierowanych do\u00a0specjalist\u00f3w, kt\u00f3rzy\u00a0na\u00a0co\u00a0dzie\u0144 zaanga\u017cowani s\u0105\u00a0w\u00a0przeciwdzia\u0142anie przemocy domowej na\u00a0terenie gminy. B\u0119d\u0105 to\u00a0dzia\u0142ania, kt\u00f3re przyczyni\u0105 si\u0119 do\u00a0podniesienia ich kompetencji, a\u00a0tym samym jako\u015bci podejmowanych czynno\u015bci w\u00a0przedmiocie przemocy domowej, ale\u00a0r\u00f3wnie\u017c b\u0119d\u0105 mia\u0142y charakter integracyjny. Dzi\u0119ki dzia\u0142alno\u015bci Centrum dla Rodzin, kt\u00f3re pe\u0142ni\u0107 b\u0119dzie funkcj\u0119 kluczow\u0105, mo\u017cliwe b\u0119dzie ograniczenie skali zjawiska przemocy domowej oraz\u00a0zwi\u0119kszenie skuteczno\u015bci i\u00a0jako\u015bci prowadzonych oddzia\u0142ywa\u0144.<\/p>\n<p>[\/et_pb_text][\/et_pb_column][\/et_pb_row][\/et_pb_section][et_pb_section fb_built=&#8221;1&#8243; _builder_version=&#8221;4.22.1&#8243; _module_preset=&#8221;default&#8221; background_color=&#8221;rgba(10,1,1,0.23)&#8221; custom_padding=&#8221;29px||3px|||&#8221; global_colors_info=&#8221;{}&#8221;][et_pb_row column_structure=&#8221;1_3,1_3,1_3&#8243; _builder_version=&#8221;4.22.1&#8243; _module_preset=&#8221;default&#8221; custom_margin=&#8221;|auto|1px|auto||&#8221; animation_style=&#8221;fade&#8221; global_colors_info=&#8221;{}&#8221;][et_pb_column type=&#8221;1_3&#8243; _builder_version=&#8221;4.22.1&#8243; _module_preset=&#8221;default&#8221; global_colors_info=&#8221;{}&#8221;][et_pb_text admin_label=&#8221;Title&#8221; _builder_version=&#8221;4.22.1&#8243; text_font=&#8221;Montserrat||||||||&#8221; text_text_color=&#8221;#747d88&#8243; text_font_size=&#8221;16px&#8221; text_line_height=&#8221;1.9em&#8221; header_font=&#8221;||||||||&#8221; header_2_font=&#8221;Montserrat|700||on|||||&#8221; header_2_text_color=&#8221;#FFFFFF&#8221; header_2_font_size=&#8221;36px&#8221; header_2_line_height=&#8221;1.3em&#8221; text_orientation=&#8221;center&#8221; max_width=&#8221;700px&#8221; custom_margin=&#8221;||9px|||&#8221; animation_style=&#8221;slide&#8221; animation_direction=&#8221;bottom&#8221; animation_intensity_slide=&#8221;4%&#8221; header_2_font_size_tablet=&#8221;32px&#8221; header_2_font_size_phone=&#8221;28px&#8221; header_2_font_size_last_edited=&#8221;on|tablet&#8221; global_colors_info=&#8221;{}&#8221;]<\/p>\n<h2 style=\"text-align: left;\"><strong>CEL PROJEKTU:<\/strong><\/h2>\n<p>[\/et_pb_text][et_pb_divider color=&#8221;#A3195B&#8221; divider_weight=&#8221;8px&#8221; _builder_version=&#8221;4.22.1&#8243; _module_preset=&#8221;default&#8221; width=&#8221;100px&#8221; custom_margin=&#8221;||25px|||&#8221; global_colors_info=&#8221;{}&#8221;][\/et_pb_divider][\/et_pb_column][et_pb_column type=&#8221;1_3&#8243; _builder_version=&#8221;4.22.1&#8243; _module_preset=&#8221;default&#8221; global_colors_info=&#8221;{}&#8221;][et_pb_text _builder_version=&#8221;4.22.1&#8243; _module_preset=&#8221;default&#8221; text_text_color=&#8221;#000000&#8243; header_3_font=&#8221;Montserrat||||||||&#8221; header_3_text_color=&#8221;#000000&#8243; global_colors_info=&#8221;{}&#8221;]<\/p>\n<h3><strong>OKRES REALIZACJI PROJEKTU:<\/strong><\/h3>\n<p>01.01.2023r. \u2013 31.03.2024r.<\/p>\n<p>&nbsp;<\/p>\n<p>[\/et_pb_text][\/et_pb_column][et_pb_column type=&#8221;1_3&#8243; _builder_version=&#8221;4.22.1&#8243; _module_preset=&#8221;default&#8221; global_colors_info=&#8221;{}&#8221;][et_pb_text _builder_version=&#8221;4.22.1&#8243; _module_preset=&#8221;default&#8221; text_text_color=&#8221;#000000&#8243; header_3_font=&#8221;Montserrat||||||||&#8221; header_3_text_color=&#8221;#000000&#8243; global_colors_info=&#8221;{}&#8221;]<\/p>\n<h3><strong>\u0179R\u00d3D\u0141A FINANSOWANIA:<\/strong><\/h3>\n<p>Ca\u0142kowita warto\u015b\u0107 projektu:<br \/>674 335,00 z\u0142.<\/p>\n<p>Fundusze norweskie:<br \/>573 184,75 z\u0142.<\/p>\n<p>\u015arodki krajowe:<br \/>101 150,25 z\u0142.<\/p>\n<p>[\/et_pb_text][\/et_pb_column][\/et_pb_row][\/et_pb_section][et_pb_section fb_built=&#8221;1&#8243; admin_label=&#8221;Service Section&#8221; _builder_version=&#8221;4.22.1&#8243; background_color=&#8221;#f2f2f2&#8243; custom_margin=&#8221;|||&#8221; custom_padding=&#8221;30px||110px|||&#8221; global_colors_info=&#8221;{}&#8221;][et_pb_row _builder_version=&#8221;4.22.1&#8243; _module_preset=&#8221;default&#8221; global_colors_info=&#8221;{}&#8221;][et_pb_column type=&#8221;4_4&#8243; _builder_version=&#8221;4.22.1&#8243; _module_preset=&#8221;default&#8221; global_colors_info=&#8221;{}&#8221;][et_pb_text admin_label=&#8221;Title&#8221; _builder_version=&#8221;4.22.1&#8243; text_font=&#8221;Montserrat||||||||&#8221; text_text_color=&#8221;#747d88&#8243; text_font_size=&#8221;16px&#8221; text_line_height=&#8221;1.9em&#8221; header_font=&#8221;||||||||&#8221; header_2_font=&#8221;Montserrat|700||on|||||&#8221; header_2_font_size=&#8221;36px&#8221; header_2_line_height=&#8221;1.3em&#8221; text_orientation=&#8221;center&#8221; max_width=&#8221;700px&#8221; module_alignment=&#8221;center&#8221; custom_margin=&#8221;||-2px|||&#8221; animation_style=&#8221;slide&#8221; animation_direction=&#8221;bottom&#8221; animation_intensity_slide=&#8221;4%&#8221; header_2_font_size_tablet=&#8221;32px&#8221; header_2_font_size_phone=&#8221;28px&#8221; header_2_font_size_last_edited=&#8221;on|tablet&#8221; global_colors_info=&#8221;{}&#8221;]<\/p>\n<h2><strong>GRUPY DOCELOWE:<\/strong><\/h2>\n<p>[\/et_pb_text][et_pb_text _builder_version=&#8221;4.22.1&#8243; _module_preset=&#8221;default&#8221; global_colors_info=&#8221;{}&#8221;]<\/p>\n<p style=\"text-align: center;\">Wskazane ni\u017cej grupy docelowe \u2013 mieszka\u0144cy miasta Siemianowice \u015al\u0105skie.<\/p>\n<p>[\/et_pb_text][et_pb_divider color=&#8221;#A3195B&#8221; divider_weight=&#8221;8px&#8221; _builder_version=&#8221;4.22.1&#8243; _module_preset=&#8221;default&#8221; width=&#8221;100px&#8221; module_alignment=&#8221;center&#8221; global_colors_info=&#8221;{}&#8221;][\/et_pb_divider][\/et_pb_column][\/et_pb_row][et_pb_row column_structure=&#8221;1_4,1_4,1_4,1_4&#8243; use_custom_gutter=&#8221;on&#8221; gutter_width=&#8221;2&#8243; make_equal=&#8221;on&#8221; admin_label=&#8221;Services&#8221; _builder_version=&#8221;4.22.1&#8243; custom_padding=&#8221;25px||25px|&#8221; use_custom_width=&#8221;on&#8221; width_unit=&#8221;off&#8221; global_colors_info=&#8221;{}&#8221;][et_pb_column type=&#8221;1_4&#8243; _builder_version=&#8221;4.16&#8243; custom_padding=&#8221;|||&#8221; global_colors_info=&#8221;{}&#8221; custom_padding__hover=&#8221;|||&#8221;][et_pb_blurb title=&#8221;Osoby zagro\u017cone przemoc\u0105 &#8221; image=&#8221;https:\/\/siemianowiceprzeciwprzemocy.pl\/wp-content\/uploads\/2023\/10\/ikony-01.png&#8221; image_icon_width=&#8221;112px&#8221; icon_alignment=&#8221;left&#8221; _builder_version=&#8221;4.23&#8243; header_font=&#8221;Montserrat|on|||&#8221; header_text_align=&#8221;left&#8221; header_text_color=&#8221;#353740&#8243; header_font_size=&#8221;22px&#8221; header_line_height=&#8221;1.4em&#8221; body_font=&#8221;Montserrat||||&#8221; body_text_color=&#8221;#747d88&#8243; body_line_height=&#8221;1.8em&#8221; text_orientation=&#8221;center&#8221; custom_padding=&#8221;||||false|false&#8221; animation_style=&#8221;zoom&#8221; border_width_all=&#8221;0px&#8221; border_color_all=&#8221;#dddddd&#8221; border_style_all=&#8221;solid&#8221; use_border_color=&#8221;on&#8221; border_color=&#8221;#dddddd&#8221; icon_font_size=&#8221;60px&#8221; global_colors_info=&#8221;{}&#8221;]<\/p>\n<p style=\"text-align: left;\">ze\u00a0wzgl\u0119du na\u00a0z\u0142\u0105 jako\u015b\u0107 relacji: wzmacnianie i\u00a0budowanie wi\u0119zi rodzinnych, budowanie poczucia przynale\u017cno\u015bci i\u00a0bezpiecze\u0144stwa poprzez wsp\u00f3lne sp\u0119dzanie czasu wolnego i\u00a0integracj\u0119.<\/p>\n<p>[\/et_pb_blurb][\/et_pb_column][et_pb_column type=&#8221;1_4&#8243; _builder_version=&#8221;4.16&#8243; custom_padding=&#8221;|||&#8221; global_colors_info=&#8221;{}&#8221; custom_padding__hover=&#8221;|||&#8221;][et_pb_blurb title=&#8221;Osoby i\u00a0rodziny: &#8221; image=&#8221;https:\/\/siemianowiceprzeciwprzemocy.pl\/wp-content\/uploads\/2023\/10\/ikony-03-1.png&#8221; image_icon_width=&#8221;112px&#8221; icon_alignment=&#8221;left&#8221; _builder_version=&#8221;4.22.1&#8243; header_font=&#8221;Montserrat|on|||&#8221; header_text_align=&#8221;left&#8221; header_text_color=&#8221;#353740&#8243; header_font_size=&#8221;22px&#8221; header_line_height=&#8221;1.4em&#8221; body_font=&#8221;Montserrat||||&#8221; body_text_color=&#8221;#747d88&#8243; body_line_height=&#8221;1.8em&#8221; text_orientation=&#8221;center&#8221; custom_padding=&#8221;||||false|false&#8221; animation_style=&#8221;zoom&#8221; border_width_all=&#8221;0px&#8221; border_color_all=&#8221;#dddddd&#8221; border_style_all=&#8221;solid&#8221; use_border_color=&#8221;on&#8221; border_color=&#8221;#dddddd&#8221; icon_font_size=&#8221;60px&#8221; global_colors_info=&#8221;{}&#8221;]<\/p>\n<p style=\"text-align: left;\">w\u00a0kt\u00f3rych\u00a0wyst\u0119puj\u0105 objawy dysfunkcji, a\u00a0tak\u017ce doznaj\u0105ce przemocy: szeroko rozumiana profilaktyka, a\u00a0wi\u0119c\u00a0dzia\u0142ania wspieraj\u0105ce, zapobiegaj\u0105ce i\u00a0wstrzymuj\u0105ce eskalacj\u0119 agresji, ale\u00a0tak\u017ce identyfikuj\u0105ce zjawisko przemocy w\u00a0rodzinie. Ich realizacja nast\u0105pi poprzez zwi\u0119kszenie oddzia\u0142ywa\u0144 wspieraj\u0105cych dla os\u00f3b zagro\u017conych b\u0105d\u017a do\u015bwiadczaj\u0105cych przemocy, ale\u00a0tak\u017ce wobec os\u00f3b przejawiaj\u0105cych trudno\u015bci z\u00a0radzeniem sobie ze\u00a0z\u0142o\u015bci\u0105 i\u00a0agresj\u0105.<\/p>\n<p>[\/et_pb_blurb][\/et_pb_column][et_pb_column type=&#8221;1_4&#8243; _builder_version=&#8221;4.16&#8243; custom_padding=&#8221;|||&#8221; global_colors_info=&#8221;{}&#8221; custom_padding__hover=&#8221;|||&#8221;][et_pb_blurb title=&#8221;Spo\u0142eczno\u015b\u0107 lokalna: &#8221; image=&#8221;https:\/\/siemianowiceprzeciwprzemocy.pl\/wp-content\/uploads\/2023\/10\/ikony-04.png&#8221; image_icon_width=&#8221;112px&#8221; icon_alignment=&#8221;left&#8221; _builder_version=&#8221;4.22.1&#8243; header_font=&#8221;Montserrat|on|||&#8221; header_text_align=&#8221;left&#8221; header_text_color=&#8221;#353740&#8243; header_font_size=&#8221;22px&#8221; header_line_height=&#8221;1.4em&#8221; body_font=&#8221;Montserrat||||&#8221; body_text_color=&#8221;#747d88&#8243; body_line_height=&#8221;1.8em&#8221; text_orientation=&#8221;center&#8221; custom_padding=&#8221;||||false|false&#8221; animation_style=&#8221;zoom&#8221; border_width_all=&#8221;0px&#8221; border_color_all=&#8221;#dddddd&#8221; border_style_all=&#8221;solid&#8221; use_border_color=&#8221;on&#8221; border_color=&#8221;#dddddd&#8221; icon_font_size=&#8221;60px&#8221; global_colors_info=&#8221;{}&#8221;]<\/p>\n<p style=\"text-align: left;\">wspieranie r\u00f3wno\u015bci kobiet i\u00a0m\u0119\u017cczyzn oraz\u00a0przeciwdzia\u0142anie dyskryminacji, podnoszenie \u015bwiadomo\u015bci mieszka\u0144c\u00f3w miasta w\u00a0zakresie zjawiska przemocy w\u00a0rodzinie i\u00a0dzia\u0142alno\u015bci lokalnych instytucji pomocowych, a\u00a0tak\u017ce oferowanych form wsparcia poprzez pogadanki, prelekcje, kolporta\u017c materia\u0142\u00f3w informacyjnych i\u00a0edukacyjnych.<\/p>\n<p>[\/et_pb_blurb][\/et_pb_column][et_pb_column type=&#8221;1_4&#8243; _builder_version=&#8221;4.16&#8243; custom_padding=&#8221;|||&#8221; global_colors_info=&#8221;{}&#8221; custom_padding__hover=&#8221;|||&#8221;][et_pb_blurb title=&#8221;Profesjonali\u015bci&#8221; image=&#8221;https:\/\/siemianowiceprzeciwprzemocy.pl\/wp-content\/uploads\/2023\/10\/ikony-02.png&#8221; image_icon_width=&#8221;112px&#8221; icon_alignment=&#8221;left&#8221; _builder_version=&#8221;4.22.1&#8243; header_font=&#8221;Montserrat|on|||&#8221; header_text_align=&#8221;left&#8221; header_text_color=&#8221;#353740&#8243; header_font_size=&#8221;22px&#8221; header_line_height=&#8221;1.4em&#8221; body_font=&#8221;Montserrat||||&#8221; body_text_color=&#8221;#747d88&#8243; body_line_height=&#8221;1.8em&#8221; text_orientation=&#8221;center&#8221; custom_padding=&#8221;||||false|false&#8221; animation_style=&#8221;zoom&#8221; border_width_all=&#8221;0px&#8221; border_color_all=&#8221;#dddddd&#8221; border_style_all=&#8221;solid&#8221; use_border_color=&#8221;on&#8221; border_color=&#8221;#dddddd&#8221; icon_font_size=&#8221;60px&#8221; global_colors_info=&#8221;{}&#8221;]<\/p>\n<p style=\"text-align: left;\">(przedstawiciele instytucji dzia\u0142aj\u0105cych na\u00a0rzecz przeciwdzia\u0142ania przemocy na\u00a0terenie miasta): integracja, podnoszenie poziomu wiedzy i\u00a0przeciwdzia\u0142anie wypaleniu zawodowemu poprzez udzia\u0142 w\u00a0konferencji, szkoleniach, spotkaniach integracyjnych, udzia\u0142 w\u00a0sesjach superwizyjnych i\u00a0coachingowych.<\/p>\n<p>[\/et_pb_blurb][\/et_pb_column][\/et_pb_row][\/et_pb_section][et_pb_section fb_built=&#8221;1&#8243; admin_label=&#8221;Fun Fact Section&#8221; _builder_version=&#8221;4.22.1&#8243; background_color=&#8221;#a3195b&#8221; use_background_color_gradient=&#8221;on&#8221; background_color_gradient_direction=&#8221;105deg&#8221; background_color_gradient_stops=&#8221;rgba(163,25,91,0.66) 0%|#6d093f 100%&#8221; background_color_gradient_overlays_image=&#8221;on&#8221; background_image=&#8221;https:\/\/siemianowiceprzeciwprzemocy.pl\/wp-content\/uploads\/2023\/10\/AdobeStock_282163930.webp&#8221; custom_margin=&#8221;|||&#8221; custom_padding=&#8221;51px||151px|||&#8221; global_colors_info=&#8221;{}&#8221;][et_pb_row column_structure=&#8221;1_4,1_4,1_2&#8243; use_custom_gutter=&#8221;on&#8221; gutter_width=&#8221;2&#8243; admin_label=&#8221;Service Section Title&#8221; _builder_version=&#8221;4.22.1&#8243; custom_margin=&#8221;|auto|-29px|auto||&#8221; animation_style=&#8221;fade&#8221; animation_direction=&#8221;top&#8221; saved_tabs=&#8221;all&#8221; global_colors_info=&#8221;{}&#8221;][et_pb_column type=&#8221;1_4&#8243; _builder_version=&#8221;4.16&#8243; custom_padding=&#8221;|||&#8221; global_colors_info=&#8221;{}&#8221; custom_padding__hover=&#8221;|||&#8221;][et_pb_text admin_label=&#8221;Title&#8221; _builder_version=&#8221;4.22.1&#8243; text_font=&#8221;Montserrat||||||||&#8221; text_text_color=&#8221;#747d88&#8243; text_font_size=&#8221;16px&#8221; text_line_height=&#8221;1.9em&#8221; header_font=&#8221;||||||||&#8221; header_font_size=&#8221;24px&#8221; header_2_font=&#8221;Montserrat|700||on|||||&#8221; header_2_text_color=&#8221;#FFFFFF&#8221; header_2_font_size=&#8221;25px&#8221; header_2_line_height=&#8221;1.3em&#8221; text_orientation=&#8221;center&#8221; max_width=&#8221;700px&#8221; module_alignment=&#8221;center&#8221; animation_style=&#8221;slide&#8221; animation_direction=&#8221;bottom&#8221; animation_intensity_slide=&#8221;4%&#8221; global_colors_info=&#8221;{}&#8221;]<\/p>\n<h2 style=\"text-align: left;\"><strong>DZIA\u0141ANIA SKIEROWANE DO\u00a0UCZESTNIK\u00d3W:<\/strong><\/h2>\n<p>[\/et_pb_text][et_pb_text _builder_version=&#8221;4.22.1&#8243; _module_preset=&#8221;default&#8221; text_font=&#8221;Montserrat||||&#8221; text_text_color=&#8221;#FFFFFF&#8221; text_font_size=&#8221;16px&#8221; text_line_height=&#8221;1.8em&#8221; header_font=&#8221;||||||||&#8221; text_orientation=&#8221;center&#8221; max_width=&#8221;700px&#8221; module_alignment=&#8221;center&#8221; custom_margin=&#8221;||14px|||&#8221; animation_style=&#8221;slide&#8221; animation_direction=&#8221;bottom&#8221; animation_delay=&#8221;100ms&#8221; animation_intensity_slide=&#8221;4%&#8221; global_colors_info=&#8221;{}&#8221;]<\/p>\n<p style=\"text-align: left;\">Wsparciem w&nbsp;ramach projektu zostanie obj\u0119tych:<\/p>\n<p>[\/et_pb_text][et_pb_number_counter title=&#8221;osoby&#8221; number=&#8221;93&#8243; percent_sign=&#8221;off&#8221; _builder_version=&#8221;4.22.1&#8243; _module_preset=&#8221;default&#8221; title_text_color=&#8221;#FFFFFF&#8221; number_font=&#8221;Montserrat|800|||||||&#8221; number_text_align=&#8221;left&#8221; number_text_color=&#8221;#FFFFFF&#8221; text_orientation=&#8221;left&#8221; global_colors_info=&#8221;{}&#8221;][\/et_pb_number_counter][\/et_pb_column][et_pb_column type=&#8221;1_4&#8243; _builder_version=&#8221;4.16&#8243; custom_padding=&#8221;|||&#8221; global_colors_info=&#8221;{}&#8221; custom_padding__hover=&#8221;|||&#8221;][et_pb_text _builder_version=&#8221;4.22.1&#8243; _module_preset=&#8221;default&#8221; text_font=&#8221;Montserrat||||&#8221; text_text_color=&#8221;#FFFFFF&#8221; text_line_height=&#8221;1.8em&#8221; header_font=&#8221;||||||||&#8221; text_orientation=&#8221;center&#8221; max_width=&#8221;700px&#8221; module_alignment=&#8221;center&#8221; custom_margin=&#8221;|||&#8221; animation_style=&#8221;slide&#8221; animation_direction=&#8221;bottom&#8221; animation_delay=&#8221;100ms&#8221; animation_intensity_slide=&#8221;4%&#8221; global_colors_info=&#8221;{}&#8221;]<\/p>\n<p style=\"text-align: left;\">W&nbsp;ramach Kawiarni rodzinnej b\u0119d\u0105 organizowane:<\/p>\n<p style=\"text-align: left;\">Spotkania dla rodzic\u00f3w i\u00a0dzieci wzmacniaj\u0105ce wi\u0119zi rodzinne oraz\u00a0Klub ojc\u00f3w i\u00a0matek.<\/p>\n<p style=\"text-align: left;\"><span>W&nbsp;ramach bazy edukacyjnej oraz&nbsp;pomocy dla rodzin w&nbsp;kryzysie, b\u0119d\u0119 realizowane<\/span> zaj\u0119cia grupowe oraz&nbsp;spotkania indywidualne, takie jak:<\/p>\n<p>[\/et_pb_text][\/et_pb_column][et_pb_column type=&#8221;1_2&#8243; _builder_version=&#8221;4.16&#8243; custom_padding=&#8221;|||&#8221; global_colors_info=&#8221;{}&#8221; custom_padding__hover=&#8221;|||&#8221;][et_pb_text _builder_version=&#8221;4.22.1&#8243; _module_preset=&#8221;default&#8221; text_font=&#8221;Montserrat||||&#8221; text_text_color=&#8221;#FFFFFF&#8221; text_font_size=&#8221;16px&#8221; text_line_height=&#8221;1.8em&#8221; header_font=&#8221;||||||||&#8221; transform_translate_linked=&#8221;off&#8221; text_orientation=&#8221;center&#8221; max_width=&#8221;700px&#8221; module_alignment=&#8221;center&#8221; custom_margin=&#8221;||0px||false|false&#8221; custom_margin_last_edited=&#8221;off|desktop&#8221; custom_padding=&#8221;7px||7px||true|false&#8221; animation_style=&#8221;slide&#8221; animation_direction=&#8221;bottom&#8221; animation_delay=&#8221;100ms&#8221; animation_intensity_slide=&#8221;4%&#8221; border_color_all=&#8221;#FFFFFF&#8221; border_width_top=&#8221;2px&#8221; global_colors_info=&#8221;{}&#8221; custom_margin__hover_enabled=&#8221;on|hover&#8221; custom_margin__hover=&#8221;||||false|false&#8221; transform_styles__hover_enabled=&#8221;on|hover&#8221; transform_scale__hover_enabled=&#8221;on|hover&#8221; transform_translate__hover_enabled=&#8221;on|hover&#8221; transform_rotate__hover_enabled=&#8221;on|hover&#8221; transform_skew__hover_enabled=&#8221;on|hover&#8221; transform_origin__hover_enabled=&#8221;on|hover&#8221; transform_translate__hover=&#8221;25px|0px&#8221;]<\/p>\n<p style=\"text-align: left;\"><strong>Trening zast\u0119powania agresji (TZA),<\/strong><\/p>\n<p>[\/et_pb_text][et_pb_text _builder_version=&#8221;4.22.1&#8243; _module_preset=&#8221;default&#8221; text_font=&#8221;Montserrat|700|||||||&#8221; text_text_color=&#8221;#FFFFFF&#8221; text_font_size=&#8221;16px&#8221; text_line_height=&#8221;1.8em&#8221; header_font=&#8221;||||||||&#8221; transform_translate_linked=&#8221;off&#8221; text_orientation=&#8221;center&#8221; max_width=&#8221;700px&#8221; module_alignment=&#8221;center&#8221; custom_margin=&#8221;||0px||false|false&#8221; custom_padding=&#8221;7px||7px||true|false&#8221; animation_style=&#8221;slide&#8221; animation_direction=&#8221;bottom&#8221; animation_delay=&#8221;100ms&#8221; animation_intensity_slide=&#8221;4%&#8221; border_color_all=&#8221;#FFFFFF&#8221; border_width_top=&#8221;2px&#8221; global_colors_info=&#8221;{}&#8221; custom_margin__hover_enabled=&#8221;on|hover&#8221; custom_margin__hover=&#8221;||||false|false&#8221; transform_styles__hover_enabled=&#8221;on|hover&#8221; transform_scale__hover_enabled=&#8221;on|hover&#8221; transform_translate__hover=&#8221;25px|0px&#8221; transform_translate__hover_enabled=&#8221;on|hover&#8221; transform_rotate__hover_enabled=&#8221;on|hover&#8221; transform_skew__hover_enabled=&#8221;on|hover&#8221; transform_origin__hover_enabled=&#8221;on|hover&#8221;]<\/p>\n<p style=\"text-align: left;\">Trening pewno\u015bci siebie<\/p>\n<p>[\/et_pb_text][et_pb_text _builder_version=&#8221;4.22.1&#8243; _module_preset=&#8221;default&#8221; text_font=&#8221;Montserrat|700|||||||&#8221; text_text_color=&#8221;#FFFFFF&#8221; text_font_size=&#8221;16px&#8221; text_line_height=&#8221;1.8em&#8221; header_font=&#8221;||||||||&#8221; transform_translate_linked=&#8221;off&#8221; text_orientation=&#8221;center&#8221; max_width=&#8221;700px&#8221; module_alignment=&#8221;center&#8221; custom_margin=&#8221;||0px||false|false&#8221; custom_padding=&#8221;7px||7px||true|false&#8221; animation_style=&#8221;slide&#8221; animation_direction=&#8221;bottom&#8221; animation_delay=&#8221;100ms&#8221; animation_intensity_slide=&#8221;4%&#8221; border_color_all=&#8221;#FFFFFF&#8221; border_width_top=&#8221;2px&#8221; global_colors_info=&#8221;{}&#8221; custom_margin__hover_enabled=&#8221;on|hover&#8221; custom_margin__hover=&#8221;||||false|false&#8221; transform_styles__hover_enabled=&#8221;on|hover&#8221; transform_scale__hover_enabled=&#8221;on|hover&#8221; transform_translate__hover=&#8221;25px|0px&#8221; transform_translate__hover_enabled=&#8221;on|hover&#8221; transform_rotate__hover_enabled=&#8221;on|hover&#8221; transform_skew__hover_enabled=&#8221;on|hover&#8221; transform_origin__hover_enabled=&#8221;on|hover&#8221;]<\/p>\n<p style=\"text-align: left;\">Kurs samoobrony dla kobiet zagro\u017conych przemoc\u0105 domow\u0105<\/p>\n<p>[\/et_pb_text][et_pb_text _builder_version=&#8221;4.22.1&#8243; _module_preset=&#8221;default&#8221; text_font=&#8221;Montserrat|700|||||||&#8221; text_text_color=&#8221;#FFFFFF&#8221; text_font_size=&#8221;16px&#8221; text_line_height=&#8221;1.8em&#8221; header_font=&#8221;||||||||&#8221; transform_translate_linked=&#8221;off&#8221; text_orientation=&#8221;center&#8221; max_width=&#8221;700px&#8221; module_alignment=&#8221;center&#8221; custom_margin=&#8221;||0px||false|false&#8221; custom_padding=&#8221;7px||7px||true|false&#8221; animation_style=&#8221;slide&#8221; animation_direction=&#8221;bottom&#8221; animation_delay=&#8221;100ms&#8221; animation_intensity_slide=&#8221;4%&#8221; border_color_all=&#8221;#FFFFFF&#8221; border_width_top=&#8221;2px&#8221; global_colors_info=&#8221;{}&#8221; custom_margin__hover_enabled=&#8221;on|hover&#8221; custom_margin__hover=&#8221;||||false|false&#8221; transform_styles__hover_enabled=&#8221;on|hover&#8221; transform_scale__hover_enabled=&#8221;on|hover&#8221; transform_translate__hover=&#8221;25px|0px&#8221; transform_translate__hover_enabled=&#8221;on|hover&#8221; transform_rotate__hover_enabled=&#8221;on|hover&#8221; transform_skew__hover_enabled=&#8221;on|hover&#8221; transform_origin__hover_enabled=&#8221;on|hover&#8221;]<\/p>\n<p style=\"text-align: left;\">Pogadanki dla uczni\u00f3w i&nbsp;rodzic\u00f3w w&nbsp;szko\u0142ach podstawowych i&nbsp;ponadpodstawowych, pogadanki w\u015br\u00f3d mieszka\u0144c\u00f3w O\u015brodka Interwencji Kryzysowej, pogadanki w&nbsp;Klubie Integracji Spo\u0142ecznej z&nbsp;lokaln\u0105 spo\u0142eczno\u015bci\u0105, prelekcje z&nbsp;lokaln\u0105 spo\u0142eczno\u015bci\u0105 prowadzone przez&nbsp;funkcjonariusza Komendy Miejskiej Policji,<\/p>\n<p>[\/et_pb_text][et_pb_text _builder_version=&#8221;4.22.1&#8243; _module_preset=&#8221;default&#8221; text_font=&#8221;Montserrat|700|||||||&#8221; text_text_color=&#8221;#FFFFFF&#8221; text_font_size=&#8221;16px&#8221; text_line_height=&#8221;1.8em&#8221; header_font=&#8221;||||||||&#8221; transform_translate_linked=&#8221;off&#8221; text_orientation=&#8221;center&#8221; max_width=&#8221;700px&#8221; module_alignment=&#8221;center&#8221; custom_margin=&#8221;||0px||false|false&#8221; custom_padding=&#8221;7px||7px||true|false&#8221; animation_style=&#8221;slide&#8221; animation_direction=&#8221;bottom&#8221; animation_delay=&#8221;100ms&#8221; animation_intensity_slide=&#8221;4%&#8221; border_color_all=&#8221;#FFFFFF&#8221; border_width_top=&#8221;2px&#8221; global_colors_info=&#8221;{}&#8221; custom_margin__hover_enabled=&#8221;on|hover&#8221; custom_margin__hover=&#8221;||||false|false&#8221; transform_styles__hover_enabled=&#8221;on|hover&#8221; transform_scale__hover_enabled=&#8221;on|hover&#8221; transform_translate__hover=&#8221;25px|0px&#8221; transform_translate__hover_enabled=&#8221;on|hover&#8221; transform_rotate__hover_enabled=&#8221;on|hover&#8221; transform_skew__hover_enabled=&#8221;on|hover&#8221; transform_origin__hover_enabled=&#8221;on|hover&#8221;]<\/p>\n<p style=\"text-align: left;\">Indywidualne konsultacje psychiatryczne,<\/p>\n<p>[\/et_pb_text][et_pb_text _builder_version=&#8221;4.22.1&#8243; _module_preset=&#8221;default&#8221; text_font=&#8221;Montserrat|700|||||||&#8221; text_text_color=&#8221;#FFFFFF&#8221; text_font_size=&#8221;16px&#8221; text_line_height=&#8221;1.8em&#8221; header_font=&#8221;||||||||&#8221; transform_translate_linked=&#8221;off&#8221; text_orientation=&#8221;center&#8221; max_width=&#8221;700px&#8221; module_alignment=&#8221;center&#8221; custom_margin=&#8221;||0px||false|false&#8221; custom_padding=&#8221;7px||7px||true|false&#8221; animation_style=&#8221;slide&#8221; animation_direction=&#8221;bottom&#8221; animation_delay=&#8221;100ms&#8221; animation_intensity_slide=&#8221;4%&#8221; border_color_all=&#8221;#FFFFFF&#8221; border_width_top=&#8221;2px&#8221; global_colors_info=&#8221;{}&#8221; custom_margin__hover_enabled=&#8221;on|hover&#8221; custom_margin__hover=&#8221;||||false|false&#8221; transform_styles__hover_enabled=&#8221;on|hover&#8221; transform_scale__hover_enabled=&#8221;on|hover&#8221; transform_translate__hover=&#8221;25px|0px&#8221; transform_translate__hover_enabled=&#8221;on|hover&#8221; transform_rotate__hover_enabled=&#8221;on|hover&#8221; transform_skew__hover_enabled=&#8221;on|hover&#8221; transform_origin__hover_enabled=&#8221;on|hover&#8221;]<\/p>\n<p style=\"text-align: left;\">Indywidualne konsultacje prawne<\/p>\n<p>[\/et_pb_text][et_pb_text _builder_version=&#8221;4.22.1&#8243; _module_preset=&#8221;default&#8221; text_font=&#8221;Montserrat|700|||||||&#8221; text_text_color=&#8221;#FFFFFF&#8221; text_font_size=&#8221;16px&#8221; text_line_height=&#8221;1.8em&#8221; header_font=&#8221;||||||||&#8221; transform_translate_linked=&#8221;off&#8221; text_orientation=&#8221;center&#8221; max_width=&#8221;700px&#8221; module_alignment=&#8221;center&#8221; custom_margin=&#8221;||0px||false|false&#8221; custom_padding=&#8221;7px||7px||true|false&#8221; animation_style=&#8221;slide&#8221; animation_direction=&#8221;bottom&#8221; animation_delay=&#8221;100ms&#8221; animation_intensity_slide=&#8221;4%&#8221; border_color_all=&#8221;#FFFFFF&#8221; border_width_top=&#8221;2px&#8221; global_colors_info=&#8221;{}&#8221; custom_margin__hover_enabled=&#8221;on|hover&#8221; custom_margin__hover=&#8221;||||false|false&#8221; transform_styles__hover_enabled=&#8221;on|hover&#8221; transform_scale__hover_enabled=&#8221;on|hover&#8221; transform_translate__hover=&#8221;25px|0px&#8221; transform_translate__hover_enabled=&#8221;on|hover&#8221; transform_rotate__hover_enabled=&#8221;on|hover&#8221; transform_skew__hover_enabled=&#8221;on|hover&#8221; transform_origin__hover_enabled=&#8221;on|hover&#8221;]<\/p>\n<p style=\"text-align: left;\">Indywidualne konsultacje psychologiczne<\/p>\n<p>[\/et_pb_text][et_pb_text _builder_version=&#8221;4.22.1&#8243; _module_preset=&#8221;default&#8221; text_font=&#8221;Montserrat|700|||||||&#8221; text_text_color=&#8221;#FFFFFF&#8221; text_font_size=&#8221;16px&#8221; text_line_height=&#8221;1.8em&#8221; header_font=&#8221;||||||||&#8221; transform_translate_linked=&#8221;off&#8221; text_orientation=&#8221;center&#8221; max_width=&#8221;700px&#8221; module_alignment=&#8221;center&#8221; custom_margin=&#8221;||0px||false|false&#8221; custom_padding=&#8221;7px||7px||true|false&#8221; animation_style=&#8221;slide&#8221; animation_direction=&#8221;bottom&#8221; animation_delay=&#8221;100ms&#8221; animation_intensity_slide=&#8221;4%&#8221; border_color_all=&#8221;#FFFFFF&#8221; border_width_top=&#8221;2px&#8221; global_colors_info=&#8221;{}&#8221; custom_margin__hover_enabled=&#8221;on|hover&#8221; custom_margin__hover=&#8221;||||false|false&#8221; transform_styles__hover_enabled=&#8221;on|hover&#8221; transform_scale__hover_enabled=&#8221;on|hover&#8221; transform_translate__hover=&#8221;25px|0px&#8221; transform_translate__hover_enabled=&#8221;on|hover&#8221; transform_rotate__hover_enabled=&#8221;on|hover&#8221; transform_skew__hover_enabled=&#8221;on|hover&#8221; transform_origin__hover_enabled=&#8221;on|hover&#8221;]<\/p>\n<p style=\"text-align: left;\">Terapia indywidualna dla os\u00f3b w&nbsp;kryzysie<\/p>\n<p>[\/et_pb_text][et_pb_text _builder_version=&#8221;4.22.1&#8243; _module_preset=&#8221;default&#8221; text_font=&#8221;Montserrat|700|||||||&#8221; text_text_color=&#8221;#FFFFFF&#8221; text_font_size=&#8221;16px&#8221; text_line_height=&#8221;1.8em&#8221; header_font=&#8221;||||||||&#8221; transform_translate_linked=&#8221;off&#8221; text_orientation=&#8221;center&#8221; max_width=&#8221;700px&#8221; module_alignment=&#8221;center&#8221; custom_margin=&#8221;||0px||false|false&#8221; custom_padding=&#8221;7px||7px||true|false&#8221; animation_style=&#8221;slide&#8221; animation_direction=&#8221;bottom&#8221; animation_delay=&#8221;100ms&#8221; animation_intensity_slide=&#8221;4%&#8221; border_color_all=&#8221;#FFFFFF&#8221; border_width_top=&#8221;2px&#8221; global_colors_info=&#8221;{}&#8221; custom_margin__hover_enabled=&#8221;on|hover&#8221; custom_margin__hover=&#8221;||||false|false&#8221; transform_styles__hover_enabled=&#8221;on|hover&#8221; transform_scale__hover_enabled=&#8221;on|hover&#8221; transform_translate__hover=&#8221;25px|0px&#8221; transform_translate__hover_enabled=&#8221;on|hover&#8221; transform_rotate__hover_enabled=&#8221;on|hover&#8221; transform_skew__hover_enabled=&#8221;on|hover&#8221; transform_origin__hover_enabled=&#8221;on|hover&#8221;]<\/p>\n<p style=\"text-align: left;\">Psychoterapia rodzinna.<\/p>\n<p>[\/et_pb_text][\/et_pb_column][\/et_pb_row][\/et_pb_section][et_pb_section fb_built=&#8221;1&#8243; admin_label=&#8221;Feature Section&#8221; _builder_version=&#8221;4.16&#8243; custom_margin=&#8221;|||&#8221; custom_padding=&#8221;0px||0px|||&#8221; global_colors_info=&#8221;{}&#8221;][et_pb_row column_structure=&#8221;1_2,1_2&#8243; use_custom_gutter=&#8221;on&#8221; gutter_width=&#8221;2&#8243; admin_label=&#8221;Feature&#8221; module_class=&#8221; et_pb_row_fullwidth&#8221; _builder_version=&#8221;4.22.1&#8243; width=&#8221;86%&#8221; width_tablet=&#8221;80%&#8221; width_phone=&#8221;80%&#8221; width_last_edited=&#8221;on|desktop&#8221; max_width_tablet=&#8221;80%&#8221; max_width_phone=&#8221;80%&#8221; max_width_last_edited=&#8221;on|desktop&#8221; custom_padding=&#8221;0px||0px|||&#8221; make_fullwidth=&#8221;on&#8221; global_colors_info=&#8221;{}&#8221;][et_pb_column type=&#8221;1_2&#8243; _builder_version=&#8221;4.16&#8243; background_color_gradient_start=&#8221;#fcd21d&#8221; background_color_gradient_end=&#8221;#fcd21d&#8221; custom_padding=&#8221;|||&#8221; global_colors_info=&#8221;{}&#8221; custom_padding__hover=&#8221;|||&#8221;][et_pb_image src=&#8221;https:\/\/siemianowiceprzeciwprzemocy.pl\/wp-content\/uploads\/2023\/10\/Siemianowice-przeciw-przemocy-dzialania-promocyjne.webp&#8221; alt=&#8221;Siemianowice przeciw przemocy &#8211; dzia\u0142ania promocyjne&#8221; force_fullwidth=&#8221;on&#8221; align_tablet=&#8221;center&#8221; align_phone=&#8221;center&#8221; align_last_edited=&#8221;on|desktop&#8221; _builder_version=&#8221;4.23&#8243; custom_margin=&#8221;-194px||||false|false&#8221; custom_margin_tablet=&#8221;-110px||||false|false&#8221; custom_margin_phone=&#8221;-113px||||false|false&#8221; custom_margin_last_edited=&#8221;on|tablet&#8221; custom_padding=&#8221;1px|||||&#8221; animation_style=&#8221;slide&#8221; animation_direction=&#8221;right&#8221; animation_intensity_slide=&#8221;8%&#8221; animation_starting_opacity=&#8221;100%&#8221; border_radii=&#8221;on|20px|20px|20px|20px&#8221; border_width_all=&#8221;25px&#8221; border_color_all=&#8221;#FFFFFF&#8221; box_shadow_style=&#8221;preset3&#8243; global_colors_info=&#8221;{}&#8221;][\/et_pb_image][\/et_pb_column][et_pb_column type=&#8221;1_2&#8243; _builder_version=&#8221;4.22.1&#8243; custom_padding=&#8221;5%||7%||false|false&#8221; global_colors_info=&#8221;{}&#8221; custom_padding__hover=&#8221;|||&#8221;][et_pb_text admin_label=&#8221;Title&#8221; _builder_version=&#8221;4.22.1&#8243; text_font=&#8221;Montserrat||||||||&#8221; text_text_color=&#8221;#747d88&#8243; text_font_size=&#8221;16px&#8221; text_line_height=&#8221;1.9em&#8221; header_font=&#8221;||||||||&#8221; header_text_align=&#8221;left&#8221; header_2_font=&#8221;Montserrat|700||on|||||&#8221; header_2_font_size=&#8221;36px&#8221; header_2_line_height=&#8221;1.3em&#8221; max_width=&#8221;700px&#8221; module_alignment=&#8221;left&#8221; custom_margin=&#8221;||-2px|||&#8221; custom_padding=&#8221;||10px|||&#8221; animation_style=&#8221;slide&#8221; animation_direction=&#8221;bottom&#8221; animation_intensity_slide=&#8221;4%&#8221; header_2_font_size_tablet=&#8221;32px&#8221; header_2_font_size_phone=&#8221;28px&#8221; header_2_font_size_last_edited=&#8221;on|tablet&#8221; locked=&#8221;off&#8221; global_colors_info=&#8221;{}&#8221;]<\/p>\n<h2><strong>DZIA\u0141ANIA PROMOCYJNE:<\/strong><\/h2>\n<p>[\/et_pb_text][et_pb_divider color=&#8221;#A3195B&#8221; divider_weight=&#8221;8px&#8221; _builder_version=&#8221;4.22.1&#8243; _module_preset=&#8221;default&#8221; width=&#8221;100px&#8221; module_alignment=&#8221;left&#8221; global_colors_info=&#8221;{}&#8221;][\/et_pb_divider][et_pb_text admin_label=&#8221;Subtitle&#8221; _builder_version=&#8221;4.22.1&#8243; text_font=&#8221;Montserrat||||&#8221; text_text_color=&#8221;#747d88&#8243; text_line_height=&#8221;1.8em&#8221; header_font=&#8221;||||||||&#8221; max_width=&#8221;700px&#8221; module_alignment=&#8221;left&#8221; custom_margin=&#8221;-37px|||||&#8221; custom_padding=&#8221;18px||20px|||&#8221; animation_style=&#8221;slide&#8221; animation_direction=&#8221;bottom&#8221; animation_delay=&#8221;100ms&#8221; animation_intensity_slide=&#8221;4%&#8221; locked=&#8221;off&#8221; global_colors_info=&#8221;{}&#8221;]<\/p>\n<p>W\u00a0ramach projektu zostan\u0105 uruchomione dzia\u0142ania informacyjno \u2013 promocyjne. Planuje si\u0119 emisj\u0119 spot\u00f3w reklamowych na\u00a0antenie Radia Katowice, zamieszczenie artyku\u0142u sponsorowanego w\u00a0prasie i\u00a0w\u00a0serwisie internetowym. Zorganizowana zostanie konferencja, podczas kt\u00f3rej\u00a0zaprezentowane zostan\u0105 dwa filmy promocyjne, dotycz\u0105ce dzia\u0142a\u0144 podejmowanych w\u00a0ramach projektu oraz\u00a0problemu przemocy domowej i\u00a0podejmowanych w\u00a0tych kwestiach dzia\u0142a\u0144 na\u00a0terenie miasta Siemianowice \u015al\u0105skie. Zakupione plakaty, ulotki zostan\u0105 umieszczone w\u00a0instytucjach, w\u00a0kt\u00f3rych\u00a0uczestnicy projektu najcz\u0119\u015bciej zg\u0142aszaj\u0105 si\u0119 po\u00a0pomoc. W\u00a0celu zwi\u0119kszenia oddzia\u0142ywania kampanii promocyjnej, zostan\u0105 na\u00a0terenie miasta Siemianowice \u015al\u0105skie rozwieszone banery.<\/p>\n<p>[\/et_pb_text][\/et_pb_column][\/et_pb_row][\/et_pb_section][et_pb_section fb_built=&#8221;1&#8243; admin_label=&#8221;Latest Work Section&#8221; _builder_version=&#8221;4.23&#8243; background_color=&#8221;#f7f7f7&#8243; custom_padding=&#8221;63px||58px|||&#8221; global_colors_info=&#8221;{}&#8221;][et_pb_row column_structure=&#8221;2_5,3_5&#8243; use_custom_gutter=&#8221;on&#8221; gutter_width=&#8221;4&#8243; admin_label=&#8221;Service Section Title&#8221; module_class=&#8221; et_pb_row_fullwidth&#8221; _builder_version=&#8221;4.16&#8243; width=&#8221;86%&#8221; width_tablet=&#8221;80%&#8221; width_phone=&#8221;80%&#8221; width_last_edited=&#8221;on|desktop&#8221; max_width_tablet=&#8221;80%&#8221; max_width_phone=&#8221;80%&#8221; max_width_last_edited=&#8221;on|desktop&#8221; custom_padding=&#8221;0px||0px|||&#8221; animation_direction=&#8221;top&#8221; saved_tabs=&#8221;all&#8221; global_colors_info=&#8221;{}&#8221;][et_pb_column type=&#8221;2_5&#8243; _builder_version=&#8221;4.16&#8243; custom_padding=&#8221;|||&#8221; global_colors_info=&#8221;{}&#8221; custom_padding__hover=&#8221;|||&#8221;][et_pb_image src=&#8221;https:\/\/siemianowiceprzeciwprzemocy.pl\/wp-content\/uploads\/2023\/10\/norway-grants-logo-czarne-01.png&#8221; title_text=&#8221;norway grants logo czarne-01&#8243; _builder_version=&#8221;4.22.1&#8243; _module_preset=&#8221;default&#8221; max_width_tablet=&#8221;100px&#8221; max_width_phone=&#8221;100px&#8221; max_width_last_edited=&#8221;on|phone&#8221; custom_margin=&#8221;||35px|||&#8221; global_colors_info=&#8221;{}&#8221;][\/et_pb_image][\/et_pb_column][et_pb_column type=&#8221;3_5&#8243; _builder_version=&#8221;4.16&#8243; custom_padding=&#8221;|||&#8221; global_colors_info=&#8221;{}&#8221; custom_padding__hover=&#8221;|||&#8221;][et_pb_text admin_label=&#8221;Title&#8221; _builder_version=&#8221;4.22.1&#8243; text_font=&#8221;Montserrat||||||||&#8221; text_text_color=&#8221;#747d88&#8243; text_font_size=&#8221;16px&#8221; text_line_height=&#8221;1.9em&#8221; header_font=&#8221;||||||||&#8221; header_2_font=&#8221;Montserrat|700||on|||||&#8221; header_2_font_size=&#8221;36px&#8221; header_2_line_height=&#8221;1.3em&#8221; text_orientation=&#8221;center&#8221; module_alignment=&#8221;center&#8221; custom_margin=&#8221;27px||14px||false|false&#8221; custom_margin_tablet=&#8221;0px||||false|false&#8221; custom_margin_phone=&#8221;0px||||false|false&#8221; custom_margin_last_edited=&#8221;on|tablet&#8221; animation_style=&#8221;slide&#8221; animation_direction=&#8221;bottom&#8221; animation_intensity_slide=&#8221;4%&#8221; header_2_font_size_tablet=&#8221;32px&#8221; header_2_font_size_phone=&#8221;28px&#8221; header_2_font_size_last_edited=&#8221;on|tablet&#8221; global_colors_info=&#8221;{}&#8221;]<\/p>\n<h2 style=\"text-align: right;\">FUNDUSZE NORWESKIE<\/h2>\n<p>[\/et_pb_text][et_pb_divider color=&#8221;#A3195B&#8221; divider_weight=&#8221;8px&#8221; _builder_version=&#8221;4.22.1&#8243; _module_preset=&#8221;default&#8221; width=&#8221;100px&#8221; module_alignment=&#8221;right&#8221; custom_margin=&#8221;||8px|||&#8221; global_colors_info=&#8221;{}&#8221;][\/et_pb_divider][et_pb_text _builder_version=&#8221;4.22.1&#8243; _module_preset=&#8221;default&#8221; min_height=&#8221;27.8px&#8221; custom_margin=&#8221;||6px|||&#8221; global_colors_info=&#8221;{}&#8221;]<\/p>\n<p style=\"text-align: right;\">Wi\u0119cej informacji na&nbsp;temat funduszy norweskich znajduje si\u0119 na&nbsp;stronach WWW:<\/p>\n<p>[\/et_pb_text][dsm_button button_one_text=&#8221;eeagrants&#8221; button_one_url=&#8221;https:\/\/eeagrants.org\/&#8221; button_one_url_new_window=&#8221;on&#8221; button_two_text=&#8221;eog&#8221; button_two_url=&#8221;https:\/\/www.eog.gov.pl\/&#8221; button_alignment=&#8221;right&#8221; _builder_version=&#8221;4.22.1&#8243; _module_preset=&#8221;default&#8221; custom_button_one=&#8221;on&#8221; button_one_text_color=&#8221;#7C0D36&#8243; button_one_border_width=&#8221;4px&#8221; button_one_border_color=&#8221;#7F0E37&#8243; button_one_border_radius=&#8221;100px&#8221; button_one_letter_spacing=&#8221;2px&#8221; button_one_font=&#8221;Montserrat|on||on|&#8221; button_one_icon=&#8221;&#x45;||divi||400&#8243; custom_button_two=&#8221;on&#8221; button_two_text_color=&#8221;#7C0D36&#8243; button_two_border_width=&#8221;4px&#8221; button_two_border_color=&#8221;#7F0E37&#8243; button_two_border_radius=&#8221;100px&#8221; button_two_letter_spacing=&#8221;2px&#8221; button_two_font=&#8221;Montserrat|on||on|&#8221; button_two_icon=&#8221;&#x45;||divi||400&#8243; custom_margin=&#8221;21px|||||&#8221; global_colors_info=&#8221;{}&#8221; button_one_text_color__hover=&#8221;#891141&#8243; button_one_text_color__hover_enabled=&#8221;on&#8221; button_one_bg_color__hover=&#8221;RGBA(255,255,255,0)&#8221; button_one_bg_color__hover_enabled=&#8221;on&#8221; button_one_border_color__hover=&#8221;#840F3E&#8221; button_one_border_color__hover_enabled=&#8221;on|desktop&#8221; button_one_letter_spacing__hover=&#8221;2px&#8221; button_one_letter_spacing__hover_enabled=&#8221;on&#8221; button_one_bg_enable_color__hover=&#8221;on&#8221; button_two_text_color__hover=&#8221;#891141&#8243; button_two_text_color__hover_enabled=&#8221;on&#8221; button_two_bg_color__hover=&#8221;RGBA(255,255,255,0)&#8221; button_two_bg_color__hover_enabled=&#8221;on&#8221; button_two_border_color__hover=&#8221;#840F3E&#8221; button_two_border_color__hover_enabled=&#8221;on|desktop&#8221; button_two_letter_spacing__hover=&#8221;2px&#8221; button_two_letter_spacing__hover_enabled=&#8221;on&#8221;][\/dsm_button][\/et_pb_column][\/et_pb_row][et_pb_row column_structure=&#8221;1_3,1_3,1_3&#8243; use_custom_gutter=&#8221;on&#8221; gutter_width=&#8221;2&#8243; admin_label=&#8221;Skill&#8221; _builder_version=&#8221;4.22.1&#8243; custom_padding=&#8221;20px||10px|&#8221; global_colors_info=&#8221;{}&#8221;][et_pb_column type=&#8221;1_3&#8243; _builder_version=&#8221;4.16&#8243; custom_padding=&#8221;|||&#8221; global_colors_info=&#8221;{}&#8221; custom_padding__hover=&#8221;|||&#8221;][et_pb_text _builder_version=&#8221;4.22.1&#8243; text_font=&#8221;Montserrat||||&#8221; text_text_color=&#8221;#FFFFFF&#8221; text_line_height=&#8221;1.8em&#8221; background_color=&#8221;#a3195b&#8221; custom_margin=&#8221;||||false|false&#8221; custom_padding=&#8221;20px|20px|20px|20px|true|true&#8221; animation_style=&#8221;flip&#8221; animation_intensity_flip=&#8221;20%&#8221; border_radii=&#8221;on|20px|20px|20px|20px&#8221; box_shadow_style=&#8221;preset3&#8243; global_colors_info=&#8221;{}&#8221;]<\/p>\n<p><strong>Fundusze Norweskie i\u00a0fundusze EOG <\/strong>reprezentuj\u0105 wk\u0142ad Islandii, Liechtensteinu i\u00a0Norwegii w\u00a0tworzenie Europy zielonej, konkurencyjnej i\u00a0sprzyjaj\u0105cej integracji spo\u0142ecznej.<\/p>\n<p>Istniej\u0105 dwa cele og\u00f3lne: ograniczenie nier\u00f3wno\u015bci ekonomicznych i\u00a0spo\u0142ecznych w\u00a0Europie i\u00a0wzmocnienie relacji dwustronnych pomi\u0119dzy pa\u0144stwami \u2013 darczy\u0144cami a\u00a015 krajami UE z\u00a0Europy \u015arodkowej i\u00a0Po\u0142udniowej i\u00a0obszaru Morza Ba\u0142tyckiego. Trzy Pa\u0144stwa \u2013 Darczy\u0144cy \u015bci\u015ble wsp\u00f3\u0142pracuj\u0105 z\u00a0UE w\u00a0ramach Porozumienia o\u00a0Europejskim Obszarze Gospodarczym (EOG). Darczy\u0144cy przekazali 3,3 miliarda euro w\u00a0ramach kolejnych program\u00f3w funduszy w\u00a0latach 1994-2014.<\/p>\n<p>[\/et_pb_text][\/et_pb_column][et_pb_column type=&#8221;1_3&#8243; _builder_version=&#8221;4.16&#8243; custom_padding=&#8221;|||&#8221; global_colors_info=&#8221;{}&#8221; custom_padding__hover=&#8221;|||&#8221;][et_pb_text _builder_version=&#8221;4.22.1&#8243; text_font=&#8221;Montserrat||||&#8221; text_text_color=&#8221;#000000&#8243; text_line_height=&#8221;1.8em&#8221; background_color=&#8221;#ffffff&#8221; custom_margin=&#8221;-2px||||false|false&#8221; custom_padding=&#8221;20px|20px|20px|20px|true|true&#8221; animation_style=&#8221;flip&#8221; animation_intensity_flip=&#8221;20%&#8221; border_radii=&#8221;on|20px|20px|20px|20px&#8221; box_shadow_style=&#8221;preset3&#8243; global_colors_info=&#8221;{}&#8221;]<\/p>\n<p>Poprzez fundusze norweskie i\u00a0fundusze EOG Norwegia przyczynia si\u0119 do\u00a0zmniejszenia nier\u00f3wno\u015bci spo\u0142ecznych i\u00a0ekonomicznych oraz\u00a0wzmocnienia relacji dwustronnych z\u00a0pa\u0144stwami beneficjentami w\u00a0Europie. Norwegia blisko wsp\u00f3\u0142pracuje z\u00a0UE na\u00a0podstawie Porozumienia o\u00a0Europejskim Obszarze Gospodarczym (EOG).<\/p>\n<p>[\/et_pb_text][\/et_pb_column][et_pb_column type=&#8221;1_3&#8243; _builder_version=&#8221;4.16&#8243; custom_padding=&#8221;|||&#8221; global_colors_info=&#8221;{}&#8221; custom_padding__hover=&#8221;|||&#8221;][et_pb_text _builder_version=&#8221;4.22.1&#8243; text_font=&#8221;Montserrat||||&#8221; text_text_color=&#8221;#FFFFFF&#8221; text_line_height=&#8221;1.8em&#8221; background_color=&#8221;#7c0d36&#8243; custom_margin=&#8221;2px||||false|false&#8221; custom_padding=&#8221;20px|20px|20px|20px|true|true&#8221; animation_style=&#8221;flip&#8221; animation_intensity_flip=&#8221;20%&#8221; border_radii=&#8221;on|20px|20px|20px|20px&#8221; box_shadow_style=&#8221;preset3&#8243; global_colors_info=&#8221;{}&#8221;]<\/p>\n<p>W\u00a0okresie 2009\u20132014 wsparcie udzielone przez\u00a0Norwegi\u0119 wynosi 1,7 miliarda euro. \u015arodki te\u00a0s\u0105\u00a0dost\u0119pne dla organizacji pozarz\u0105dowych, instytucji badawczych i\u00a0akademickich oraz\u00a0sektora publicznego i\u00a0prywatnego w\u00a012 nowo przyj\u0119tych pa\u0144stwach cz\u0142onkowskich UE oraz\u00a0Grecji, Portugalii, i\u00a0Hiszpanii. Dzi\u0119ki nim ma\u00a0miejsce szeroka wsp\u00f3\u0142praca z\u00a0podmiotami z\u00a0Norwegii, a\u00a0przedsi\u0119wzi\u0119cia mog\u0105 by\u0107 wdra\u017cane do\u00a02016\u00a0r.<\/p>\n<p>[\/et_pb_text][\/et_pb_column][\/et_pb_row][\/et_pb_section][et_pb_section fb_built=&#8221;1&#8243; admin_label=&#8221;Skill Section&#8221; _builder_version=&#8221;4.16&#8243; custom_padding=&#8221;52px||7px|||&#8221; global_colors_info=&#8221;{}&#8221;][et_pb_row column_structure=&#8221;1_3,1_3,1_3&#8243; use_custom_gutter=&#8221;on&#8221; _builder_version=&#8221;4.22.1&#8243; _module_preset=&#8221;default&#8221; global_colors_info=&#8221;{}&#8221;][et_pb_column type=&#8221;1_3&#8243; _builder_version=&#8221;4.22.1&#8243; _module_preset=&#8221;default&#8221; global_colors_info=&#8221;{}&#8221;][et_pb_text admin_label=&#8221;Title&#8221; _builder_version=&#8221;4.22.1&#8243; text_font=&#8221;Montserrat||||||||&#8221; text_text_color=&#8221;#747d88&#8243; text_font_size=&#8221;16px&#8221; text_line_height=&#8221;1.9em&#8221; header_font=&#8221;||||||||&#8221; header_2_font=&#8221;Montserrat|700||on|||||&#8221; header_2_font_size=&#8221;42px&#8221; header_2_line_height=&#8221;1.3em&#8221; header_3_font=&#8221;|||on|||||&#8221; text_orientation=&#8221;center&#8221; max_width=&#8221;700px&#8221; module_alignment=&#8221;center&#8221; custom_margin=&#8221;-18px||-2px|||&#8221; animation_style=&#8221;slide&#8221; animation_direction=&#8221;bottom&#8221; animation_intensity_slide=&#8221;4%&#8221; global_colors_info=&#8221;{}&#8221;]<\/p>\n<h3 style=\"text-align: left;\"><strong>Fundusze Norweskie i&nbsp;EOG na&nbsp;lata 2014-2021 wynosz\u0105 2,8 miliarda euro. <\/strong><strong>Priorytety na&nbsp;ten okres to:<\/strong><\/h3>\n<p>[\/et_pb_text][\/et_pb_column][et_pb_column type=&#8221;1_3&#8243; _builder_version=&#8221;4.22.1&#8243; _module_preset=&#8221;default&#8221; global_colors_info=&#8221;{}&#8221;][et_pb_text _builder_version=&#8221;4.22.1&#8243; _module_preset=&#8221;default&#8221; text_font=&#8221;Montserrat|800|||||||&#8221; text_text_color=&#8221;#a3195b&#8221; text_font_size=&#8221;86px&#8221; custom_margin=&#8221;||42px||false|false&#8221; global_colors_info=&#8221;{}&#8221;]<\/p>\n<p>1<\/p>\n<p>[\/et_pb_text][et_pb_divider color=&#8221;#A3195B&#8221; divider_weight=&#8221;8px&#8221; _builder_version=&#8221;4.22.1&#8243; _module_preset=&#8221;default&#8221; width=&#8221;100px&#8221; module_alignment=&#8221;left&#8221; custom_margin=&#8221;||-4px||false|false&#8221; global_colors_info=&#8221;{}&#8221;][\/et_pb_divider][et_pb_text admin_label=&#8221;Subtitle&#8221; _builder_version=&#8221;4.22.1&#8243; text_font=&#8221;Montserrat||||&#8221; text_text_color=&#8221;#747d88&#8243; text_font_size=&#8221;16px&#8221; text_line_height=&#8221;1.8em&#8221; header_font=&#8221;||||||||&#8221; max_width=&#8221;700px&#8221; module_alignment=&#8221;left&#8221; custom_margin=&#8221;||||false|false&#8221; custom_padding=&#8221;||20px|&#8221; animation_style=&#8221;slide&#8221; animation_direction=&#8221;bottom&#8221; animation_delay=&#8221;100ms&#8221; animation_intensity_slide=&#8221;4%&#8221; locked=&#8221;off&#8221; global_colors_info=&#8221;{}&#8221;]<\/p>\n<p>Innowacje, badania naukowe, edukacja, konkurencyjno\u015b\u0107.<\/p>\n<p>[\/et_pb_text][\/et_pb_column][et_pb_column type=&#8221;1_3&#8243; _builder_version=&#8221;4.22.1&#8243; _module_preset=&#8221;default&#8221; global_colors_info=&#8221;{}&#8221;][et_pb_text _builder_version=&#8221;4.22.1&#8243; _module_preset=&#8221;default&#8221; text_font=&#8221;Montserrat|800|||||||&#8221; text_text_color=&#8221;#a3195b&#8221; text_font_size=&#8221;86px&#8221; module_alignment=&#8221;left&#8221; custom_margin=&#8221;0px||0px||false|false&#8221; custom_padding=&#8221;0px||0px||false|false&#8221; global_colors_info=&#8221;{}&#8221;]<\/p>\n<p>2<\/p>\n<p>[\/et_pb_text][et_pb_divider color=&#8221;#A3195B&#8221; divider_weight=&#8221;8px&#8221; _builder_version=&#8221;4.22.1&#8243; _module_preset=&#8221;default&#8221; width=&#8221;100px&#8221; module_alignment=&#8221;left&#8221; custom_margin=&#8221;40px||-4px||false|false&#8221; global_colors_info=&#8221;{}&#8221;][\/et_pb_divider][et_pb_text admin_label=&#8221;Subtitle&#8221; _builder_version=&#8221;4.22.1&#8243; text_font=&#8221;Montserrat||||&#8221; text_text_color=&#8221;#747d88&#8243; text_font_size=&#8221;16px&#8221; text_line_height=&#8221;1.8em&#8221; header_font=&#8221;||||||||&#8221; max_width=&#8221;700px&#8221; module_alignment=&#8221;left&#8221; custom_margin=&#8221;||||false|false&#8221; custom_padding=&#8221;||||false|false&#8221; animation_style=&#8221;slide&#8221; animation_direction=&#8221;bottom&#8221; animation_delay=&#8221;100ms&#8221; animation_intensity_slide=&#8221;4%&#8221; locked=&#8221;off&#8221; global_colors_info=&#8221;{}&#8221;]<\/p>\n<p>Integracja spo\u0142eczna, zatrudnienie m\u0142odzie\u017cy i&nbsp;ograniczenie ub\u00f3stwa.<\/p>\n<p>[\/et_pb_text][\/et_pb_column][\/et_pb_row][et_pb_row column_structure=&#8221;1_3,1_3,1_3&#8243; use_custom_gutter=&#8221;on&#8221; _builder_version=&#8221;4.22.1&#8243; _module_preset=&#8221;default&#8221; custom_padding=&#8221;55px|||||&#8221; global_colors_info=&#8221;{}&#8221;][et_pb_column type=&#8221;1_3&#8243; _builder_version=&#8221;4.22.1&#8243; _module_preset=&#8221;default&#8221; global_colors_info=&#8221;{}&#8221;][et_pb_text _builder_version=&#8221;4.22.1&#8243; _module_preset=&#8221;default&#8221; text_font=&#8221;Montserrat|800|||||||&#8221; text_text_color=&#8221;#a3195b&#8221; text_font_size=&#8221;86px&#8221; global_colors_info=&#8221;{}&#8221;]<\/p>\n<p>3<\/p>\n<p>[\/et_pb_text][et_pb_divider color=&#8221;#A3195B&#8221; divider_weight=&#8221;8px&#8221; _builder_version=&#8221;4.22.1&#8243; _module_preset=&#8221;default&#8221; width=&#8221;100px&#8221; module_alignment=&#8221;left&#8221; custom_margin=&#8221;||-4px||false|false&#8221; global_colors_info=&#8221;{}&#8221;][\/et_pb_divider][et_pb_text admin_label=&#8221;Subtitle&#8221; _builder_version=&#8221;4.22.1&#8243; text_font=&#8221;Montserrat||||&#8221; text_text_color=&#8221;#747d88&#8243; text_font_size=&#8221;16px&#8221; text_line_height=&#8221;1.8em&#8221; header_font=&#8221;||||||||&#8221; max_width=&#8221;700px&#8221; module_alignment=&#8221;left&#8221; custom_margin=&#8221;||||false|false&#8221; custom_padding=&#8221;||20px|&#8221; animation_style=&#8221;slide&#8221; animation_direction=&#8221;bottom&#8221; animation_delay=&#8221;100ms&#8221; animation_intensity_slide=&#8221;4%&#8221; locked=&#8221;off&#8221; global_colors_info=&#8221;{}&#8221;]<\/p>\n<p>\u015arodowisko, energia, zmiany klimatu i&nbsp;gospodarka niskoemisyjna.<\/p>\n<p>[\/et_pb_text][\/et_pb_column][et_pb_column type=&#8221;1_3&#8243; _builder_version=&#8221;4.22.1&#8243; _module_preset=&#8221;default&#8221; global_colors_info=&#8221;{}&#8221;][et_pb_text _builder_version=&#8221;4.22.1&#8243; _module_preset=&#8221;default&#8221; text_font=&#8221;Montserrat|800|||||||&#8221; text_text_color=&#8221;#a3195b&#8221; text_font_size=&#8221;86px&#8221; global_colors_info=&#8221;{}&#8221;]<\/p>\n<p>4<\/p>\n<p>[\/et_pb_text][et_pb_divider color=&#8221;#A3195B&#8221; divider_weight=&#8221;8px&#8221; _builder_version=&#8221;4.22.1&#8243; _module_preset=&#8221;default&#8221; width=&#8221;100px&#8221; module_alignment=&#8221;left&#8221; custom_margin=&#8221;||-4px||false|false&#8221; global_colors_info=&#8221;{}&#8221;][\/et_pb_divider][et_pb_text admin_label=&#8221;Subtitle&#8221; _builder_version=&#8221;4.22.1&#8243; text_font=&#8221;Montserrat||||&#8221; text_text_color=&#8221;#747d88&#8243; text_font_size=&#8221;16px&#8221; text_line_height=&#8221;1.8em&#8221; header_font=&#8221;||||||||&#8221; max_width=&#8221;700px&#8221; module_alignment=&#8221;left&#8221; custom_margin=&#8221;||||false|false&#8221; custom_padding=&#8221;||20px|&#8221; animation_style=&#8221;slide&#8221; animation_direction=&#8221;bottom&#8221; animation_delay=&#8221;100ms&#8221; animation_intensity_slide=&#8221;4%&#8221; locked=&#8221;off&#8221; global_colors_info=&#8221;{}&#8221;]<\/p>\n<p>Kultura, spo\u0142ecze\u0144stwo obywatelskie, dobre zarz\u0105dzanie i&nbsp;podstawowe prawa.<\/p>\n<p>[\/et_pb_text][\/et_pb_column][et_pb_column type=&#8221;1_3&#8243; _builder_version=&#8221;4.22.1&#8243; _module_preset=&#8221;default&#8221; global_colors_info=&#8221;{}&#8221;][et_pb_text _builder_version=&#8221;4.22.1&#8243; _module_preset=&#8221;default&#8221; text_font=&#8221;Montserrat|800|||||||&#8221; text_text_color=&#8221;#a3195b&#8221; text_font_size=&#8221;86px&#8221; global_colors_info=&#8221;{}&#8221;]<\/p>\n<p>5<\/p>\n<p>[\/et_pb_text][et_pb_divider color=&#8221;#A3195B&#8221; divider_weight=&#8221;8px&#8221; _builder_version=&#8221;4.22.1&#8243; _module_preset=&#8221;default&#8221; width=&#8221;100px&#8221; module_alignment=&#8221;left&#8221; custom_margin=&#8221;||-4px||false|false&#8221; global_colors_info=&#8221;{}&#8221;][\/et_pb_divider][et_pb_text admin_label=&#8221;Subtitle&#8221; _builder_version=&#8221;4.22.1&#8243; text_font=&#8221;Montserrat||||&#8221; text_text_color=&#8221;#747d88&#8243; text_font_size=&#8221;16px&#8221; text_line_height=&#8221;1.8em&#8221; header_font=&#8221;||||||||&#8221; max_width=&#8221;700px&#8221; module_alignment=&#8221;left&#8221; custom_margin=&#8221;||||false|false&#8221; custom_padding=&#8221;||20px|&#8221; animation_style=&#8221;slide&#8221; animation_direction=&#8221;bottom&#8221; animation_delay=&#8221;100ms&#8221; animation_intensity_slide=&#8221;4%&#8221; locked=&#8221;off&#8221; global_colors_info=&#8221;{}&#8221;]<\/p>\n<p>Sprawiedliwo\u015b\u0107 i&nbsp;sprawy wewn\u0119trzne.<\/p>\n<p>[\/et_pb_text][\/et_pb_column][\/et_pb_row][\/et_pb_section]<\/p>\n","protected":false},"excerpt":{"rendered":"<p>Siemianowice przeciw przemocy &nbsp;G\u0142\u00f3wnym celem Projektu jest wykrycie zachowa\u0144 dysfunkcyjnych na\u00a0etapie wczesnej profilaktyki, a\u00a0jego osi\u0105gni\u0119cie mo\u017cliwe b\u0119dzie dzi\u0119ki pog\u0142\u0119bionej wsp\u00f3\u0142pracy interdyscyplinarnej instytucji dzia\u0142aj\u0105cych na\u00a0rzecz przeciwdzia\u0142ania przemocy w\u00a0mie\u015bcie.G\u0142\u00f3wnym celem Projektu jest wykrycie zachowa\u0144 dysfunkcyjnych na&nbsp;etapie wczesnej profilaktyki, a&nbsp;jego osi\u0105gni\u0119cie mo\u017cliwe b\u0119dzie dzi\u0119ki pog\u0142\u0119bionej wsp\u00f3\u0142pracy interdyscyplinarnej instytucji dzia\u0142aj\u0105cych na&nbsp;rzecz przeciwdzia\u0142ania przemocy w&nbsp;mie\u015bcie. Dzia\u0142ania realizowane w&nbsp;ramach Projektu na&nbsp;terenie [&hellip;]<\/p>\n","protected":false},"author":4,"featured_media":44,"parent":0,"menu_order":0,"comment_status":"closed","ping_status":"closed","template":"","meta":{"_et_pb_use_builder":"on","_et_pb_old_content":"","_et_gb_content_width":"","footnotes":""},"class_list":["post-14","page","type-page","status-publish","has-post-thumbnail","hentry"],"yoast_head":"<!-- This site is optimized with the Yoast SEO plugin v21.4 - https:\/\/yoast.com\/wordpress\/plugins\/seo\/ -->\n<title>O projekcie - Siemianowice Przeciw Przemocy<\/title>\n<meta name=\"description\" content=\"G\u0142\u00f3wnym celem Projektu jest wykrycie zachowa\u0144 dysfunkcyjnych na etapie wczesnej profilaktyki, a jego osi\u0105gni\u0119cie mo\u017cliwe b\u0119dzie dzi\u0119ki pog\u0142\u0119bionej wsp\u00f3\u0142pracy interdyscyplinarnej instytucji dzia\u0142aj\u0105cych na rzecz przeciwdzia\u0142ania przemocy w mie\u015bcie.\" \/>\n<meta name=\"robots\" content=\"index, follow, max-snippet:-1, max-image-preview:large, max-video-preview:-1\" \/>\n<link rel=\"canonical\" href=\"https:\/\/siemianowiceprzeciwprzemocy.pl\/?page_id=14\" \/>\n<meta property=\"og:locale\" content=\"en_US\" \/>\n<meta property=\"og:type\" content=\"article\" \/>\n<meta property=\"og:title\" content=\"O projekcie - Siemianowice Przeciw Przemocy\" \/>\n<meta property=\"og:description\" content=\"G\u0142\u00f3wnym celem Projektu jest wykrycie zachowa\u0144 dysfunkcyjnych na etapie wczesnej profilaktyki, a jego osi\u0105gni\u0119cie mo\u017cliwe b\u0119dzie dzi\u0119ki pog\u0142\u0119bionej wsp\u00f3\u0142pracy interdyscyplinarnej instytucji dzia\u0142aj\u0105cych na rzecz przeciwdzia\u0142ania przemocy w mie\u015bcie.\" \/>\n<meta property=\"og:url\" content=\"https:\/\/siemianowiceprzeciwprzemocy.pl\/?page_id=14\" \/>\n<meta property=\"og:site_name\" content=\"Siemianowice Przeciw Przemocy\" \/>\n<meta property=\"article:modified_time\" content=\"2024-09-16T10:27:46+00:00\" \/>\n<meta property=\"og:image\" content=\"https:\/\/siemianowiceprzeciwprzemocy.pl\/wp-content\/uploads\/2023\/10\/Siemianowice-przeciw-przemocy-dzialania-promocyjne.jpg\" \/>\n\t<meta property=\"og:image:width\" content=\"847\" \/>\n\t<meta property=\"og:image:height\" content=\"811\" \/>\n\t<meta property=\"og:image:type\" content=\"image\/jpeg\" \/>\n<meta name=\"twitter:card\" content=\"summary_large_image\" \/>\n<meta name=\"twitter:label1\" content=\"Est. reading time\" \/>\n\t<meta name=\"twitter:data1\" content=\"14 minutes\" \/>\n<script type=\"application\/ld+json\" class=\"yoast-schema-graph\">{\"@context\":\"https:\/\/schema.org\",\"@graph\":[{\"@type\":\"WebPage\",\"@id\":\"https:\/\/siemianowiceprzeciwprzemocy.pl\/?page_id=14\",\"url\":\"https:\/\/siemianowiceprzeciwprzemocy.pl\/?page_id=14\",\"name\":\"O projekcie - Siemianowice Przeciw Przemocy\",\"isPartOf\":{\"@id\":\"https:\/\/siemianowiceprzeciwprzemocy.pl\/#website\"},\"datePublished\":\"2023-10-16T13:21:31+00:00\",\"dateModified\":\"2024-09-16T10:27:46+00:00\",\"description\":\"G\u0142\u00f3wnym celem Projektu jest wykrycie zachowa\u0144 dysfunkcyjnych na etapie wczesnej profilaktyki, a jego osi\u0105gni\u0119cie mo\u017cliwe b\u0119dzie dzi\u0119ki pog\u0142\u0119bionej wsp\u00f3\u0142pracy interdyscyplinarnej instytucji dzia\u0142aj\u0105cych na rzecz przeciwdzia\u0142ania przemocy w mie\u015bcie.\",\"breadcrumb\":{\"@id\":\"https:\/\/siemianowiceprzeciwprzemocy.pl\/?page_id=14#breadcrumb\"},\"inLanguage\":\"en-US\",\"potentialAction\":[{\"@type\":\"ReadAction\",\"target\":[\"https:\/\/siemianowiceprzeciwprzemocy.pl\/?page_id=14\"]}]},{\"@type\":\"BreadcrumbList\",\"@id\":\"https:\/\/siemianowiceprzeciwprzemocy.pl\/?page_id=14#breadcrumb\",\"itemListElement\":[{\"@type\":\"ListItem\",\"position\":1,\"name\":\"Strona g\u0142\u00f3wna\",\"item\":\"https:\/\/siemianowiceprzeciwprzemocy.pl\/\"},{\"@type\":\"ListItem\",\"position\":2,\"name\":\"O projekcie\"}]},{\"@type\":\"WebSite\",\"@id\":\"https:\/\/siemianowiceprzeciwprzemocy.pl\/#website\",\"url\":\"https:\/\/siemianowiceprzeciwprzemocy.pl\/\",\"name\":\"Siemianowice Przeciw Przemocy\",\"description\":\"Centrum dla Rodzin\",\"potentialAction\":[{\"@type\":\"SearchAction\",\"target\":{\"@type\":\"EntryPoint\",\"urlTemplate\":\"https:\/\/siemianowiceprzeciwprzemocy.pl\/?s={search_term_string}\"},\"query-input\":\"required name=search_term_string\"}],\"inLanguage\":\"en-US\"}]}<\/script>\n<!-- \/ Yoast SEO plugin. -->","yoast_head_json":{"title":"O projekcie - Siemianowice Przeciw Przemocy","description":"G\u0142\u00f3wnym celem Projektu jest wykrycie zachowa\u0144 dysfunkcyjnych na etapie wczesnej profilaktyki, a jego osi\u0105gni\u0119cie mo\u017cliwe b\u0119dzie dzi\u0119ki pog\u0142\u0119bionej wsp\u00f3\u0142pracy interdyscyplinarnej instytucji dzia\u0142aj\u0105cych na rzecz przeciwdzia\u0142ania przemocy w mie\u015bcie.","robots":{"index":"index","follow":"follow","max-snippet":"max-snippet:-1","max-image-preview":"max-image-preview:large","max-video-preview":"max-video-preview:-1"},"canonical":"https:\/\/siemianowiceprzeciwprzemocy.pl\/?page_id=14","og_locale":"en_US","og_type":"article","og_title":"O projekcie - Siemianowice Przeciw Przemocy","og_description":"G\u0142\u00f3wnym celem Projektu jest wykrycie zachowa\u0144 dysfunkcyjnych na etapie wczesnej profilaktyki, a jego osi\u0105gni\u0119cie mo\u017cliwe b\u0119dzie dzi\u0119ki pog\u0142\u0119bionej wsp\u00f3\u0142pracy interdyscyplinarnej instytucji dzia\u0142aj\u0105cych na rzecz przeciwdzia\u0142ania przemocy w mie\u015bcie.","og_url":"https:\/\/siemianowiceprzeciwprzemocy.pl\/?page_id=14","og_site_name":"Siemianowice Przeciw Przemocy","article_modified_time":"2024-09-16T10:27:46+00:00","og_image":[{"width":847,"height":811,"url":"https:\/\/siemianowiceprzeciwprzemocy.pl\/wp-content\/uploads\/2023\/10\/Siemianowice-przeciw-przemocy-dzialania-promocyjne.jpg","type":"image\/jpeg"}],"twitter_card":"summary_large_image","twitter_misc":{"Est. reading time":"14 minutes"},"schema":{"@context":"https:\/\/schema.org","@graph":[{"@type":"WebPage","@id":"https:\/\/siemianowiceprzeciwprzemocy.pl\/?page_id=14","url":"https:\/\/siemianowiceprzeciwprzemocy.pl\/?page_id=14","name":"O projekcie - Siemianowice Przeciw Przemocy","isPartOf":{"@id":"https:\/\/siemianowiceprzeciwprzemocy.pl\/#website"},"datePublished":"2023-10-16T13:21:31+00:00","dateModified":"2024-09-16T10:27:46+00:00","description":"G\u0142\u00f3wnym celem Projektu jest wykrycie zachowa\u0144 dysfunkcyjnych na etapie wczesnej profilaktyki, a jego osi\u0105gni\u0119cie mo\u017cliwe b\u0119dzie dzi\u0119ki pog\u0142\u0119bionej wsp\u00f3\u0142pracy interdyscyplinarnej instytucji dzia\u0142aj\u0105cych na rzecz przeciwdzia\u0142ania przemocy w mie\u015bcie.","breadcrumb":{"@id":"https:\/\/siemianowiceprzeciwprzemocy.pl\/?page_id=14#breadcrumb"},"inLanguage":"en-US","potentialAction":[{"@type":"ReadAction","target":["https:\/\/siemianowiceprzeciwprzemocy.pl\/?page_id=14"]}]},{"@type":"BreadcrumbList","@id":"https:\/\/siemianowiceprzeciwprzemocy.pl\/?page_id=14#breadcrumb","itemListElement":[{"@type":"ListItem","position":1,"name":"Strona g\u0142\u00f3wna","item":"https:\/\/siemianowiceprzeciwprzemocy.pl\/"},{"@type":"ListItem","position":2,"name":"O projekcie"}]},{"@type":"WebSite","@id":"https:\/\/siemianowiceprzeciwprzemocy.pl\/#website","url":"https:\/\/siemianowiceprzeciwprzemocy.pl\/","name":"Siemianowice Przeciw Przemocy","description":"Centrum dla Rodzin","potentialAction":[{"@type":"SearchAction","target":{"@type":"EntryPoint","urlTemplate":"https:\/\/siemianowiceprzeciwprzemocy.pl\/?s={search_term_string}"},"query-input":"required name=search_term_string"}],"inLanguage":"en-US"}]}},"_links":{"self":[{"href":"https:\/\/siemianowiceprzeciwprzemocy.pl\/index.php?rest_route=\/wp\/v2\/pages\/14","targetHints":{"allow":["GET"]}}],"collection":[{"href":"https:\/\/siemianowiceprzeciwprzemocy.pl\/index.php?rest_route=\/wp\/v2\/pages"}],"about":[{"href":"https:\/\/siemianowiceprzeciwprzemocy.pl\/index.php?rest_route=\/wp\/v2\/types\/page"}],"author":[{"embeddable":true,"href":"https:\/\/siemianowiceprzeciwprzemocy.pl\/index.php?rest_route=\/wp\/v2\/users\/4"}],"replies":[{"embeddable":true,"href":"https:\/\/siemianowiceprzeciwprzemocy.pl\/index.php?rest_route=%2Fwp%2Fv2%2Fcomments&post=14"}],"version-history":[{"count":17,"href":"https:\/\/siemianowiceprzeciwprzemocy.pl\/index.php?rest_route=\/wp\/v2\/pages\/14\/revisions"}],"predecessor-version":[{"id":330,"href":"https:\/\/siemianowiceprzeciwprzemocy.pl\/index.php?rest_route=\/wp\/v2\/pages\/14\/revisions\/330"}],"wp:featuredmedia":[{"embeddable":true,"href":"https:\/\/siemianowiceprzeciwprzemocy.pl\/index.php?rest_route=\/wp\/v2\/media\/44"}],"wp:attachment":[{"href":"https:\/\/siemianowiceprzeciwprzemocy.pl\/index.php?rest_route=%2Fwp%2Fv2%2Fmedia&parent=14"}],"curies":[{"name":"wp","href":"https:\/\/api.w.org\/{rel}","templated":true}]}}